{"id":48570,"date":"2021-05-24T11:58:02","date_gmt":"2021-05-24T09:58:02","guid":{"rendered":"https:\/\/www.sapiselco.com\/privacy-policy\/"},"modified":"2022-07-28T09:24:09","modified_gmt":"2022-07-28T07:24:09","slug":"privacy-policy","status":"publish","type":"page","link":"https:\/\/www.sapiselco.com\/de\/privacy-policy\/","title":{"rendered":"Datenschutzerkl\u00e4rung"},"content":{"rendered":"<div class=\"wpb-content-wrapper\"><p>[vc_row gap=&#8220;30&#8243;][vc_column][vc_column_text]<\/p>\n<h2>Information zum Schutz <strong>personenbezogener Daten<\/strong><\/h2>\n<p>[\/vc_column_text][\/vc_column][\/vc_row][vc_row css=&#8220;.vc_custom_1640099674133{padding-bottom: 30px !important;}&#8220;][vc_column][vc_column_text]<strong>(Art. 13 und 14 EUROP\u00c4ISCHE VERORDNUNG NR. 679\/2016 )<\/strong><\/p>\n<p><em>Sehr geehrte Internetnutzer,<\/em><\/p>\n<p>die schreibende Sapiselco \u00a0Srl, mit Sitz in Via Irpinia, 43\/45 z. a. (Handwerkerzone) \u2013 35020 Saonara (Provinz Padua), italienische Steuernummer\u00a0 und Mehrwertsteuernummer IT 00073410284, m\u00f6chte Sie \u2013 in Funktion als \u201eVerantwortlicher\u201c gem\u00e4\u00df Artikel 13 und 14 der Europ\u00e4ischen Verordnung Nr. 679\/2016 (in Folge \u201eEU-Verordnung\u201c) \u2013 informieren, dass Ihre Daten wie folgt verarbeitet werden:<\/p>\n<ol>\n<li><strong> Gegenstand der Datenverarbeitung<\/strong><\/li>\n<\/ol>\n<p>Der Verantwortliche informiert Sie, dass die personenbezogene Daten (wie Vor- und Nachname, Firmenname, Adresse, Telefonnummer, E-Mail-Adresse, Bank- und Zahlungsdaten) im Folgenden \u201epers\u00f6nliche Daten\u201c oder auch einfach \u201eDaten\u201c genannt, die mit Ihnen in Zusammenhang stehen, die auch m\u00fcndlich direkt oder durch Dritte in der Vergangenheit erfasst wurden, so wie jene, die in Zukunft erfasst werden, Gegenstand der Verarbeitung unter Einhaltung der EU-Verordnung sein werden. Der Verantwortliche f\u00fchrt die Verarbeitung rechtm\u00e4\u00dfig und insbesondere f\u00fcr die Erf\u00fcllung eines Vertrages durch, an dem Sie beteiligt sind, oder er sorgt f\u00fcr die Durchf\u00fchrung der von Ihnen gew\u00fcnschten vorvertraglichen Ma\u00dfnahmen (z.B. Angebotserstellung, etc.) (Art. Nr. 6 der EU-Verordnung).<\/p>\n<p>Unter Datenverarbeitung versteht man jeden Vorgang oder Vorgangsreihen im Zusammenhang mit der Erhebung, Erfassung, Organisation, Speicherung, Abfragung, Verarbeitung, \u00c4nderung, Auswahl, Auslesung, Abgleich, Verwendung, Verkn\u00fcpfung, Sperrung, Offenlegung, Verbreitung, Vernichtung von Daten.<\/p>\n<ol start=\"2\">\n<li><strong> Rechtsgrundlage und Zwecke der Verarbeitung<\/strong><\/li>\n<\/ol>\n<p>Rechtsgrundlage: EU-Verordnung Nr.\u00a0 679\/2016<\/p>\n<ul>\n<li>A) ohne Ihre ausdr\u00fcckliche Einwilligung (Art. 6 Buchstabe b), c), e) der EU-Verordnung) f\u00fcr die folgenden Zwecke:\n<ul>\n<li>Erf\u00fcllung vorvertraglicher, vertraglicher und steuerlicher Verpflichtungen, die sich aus bestehenden Beziehungen mit Ihnen ergeben;<\/li>\n<li>Erf\u00fcllung von Verpflichtungen, die sich aus Gesetzen, Verordnungen, EU-Rechtsvorschriften oder einer Anordnung der Beh\u00f6rde ergeben (z.B. im Bereich der Geldw\u00e4schebek\u00e4mpfung);<\/li>\n<li>Aus\u00fcbung der Rechte des Verantwortlichen, wie z.B. das Recht auf Verteidigung im Rahmen von Gerichtsverfahren.<\/li>\n<li>zur allgemeinen Rechnungsf\u00fchrung,<\/li>\n<li>zu Verwaltungszwecken (Fakturierung, m\u00f6gliches Dokumentenmanagement usw.);<\/li>\n<li>f\u00fcr das Debitorenmanagement;<\/li>\n<li>f\u00fcr statistische Analysen und Qualit\u00e4tskontrolle;<\/li>\n<li>f\u00fcr das Versicherungsmanagement;<\/li>\n<li>f\u00fcr die technische Unterst\u00fctzung.<\/li>\n<li>Insbesondere werden Ihre Daten f\u00fcr Zwecke der Erf\u00fcllung von Anforderungen, die sich auf gesetzliche und vertragliche Verpflichtungen beziehen, verarbeitet:<\/li>\n<li>Technischer und funktionaler Zugriff auf die Website \u2013 es werden keine Daten nach dem Schlie\u00dfen des Browsers gespeichert;<\/li>\n<li>Erweiterte Navigationszwecke oder personalisierte Inhaltsverwaltung;<\/li>\n<li>Statistische und analytische Zwecke der Navigation und der Nutzer.<\/li>\n<\/ul>\n<\/li>\n<li>B) Nur mit Ihrer ausdr\u00fccklichen Zustimmung (Artikel 7 der EU-Verordnung) f\u00fcr folgende gesch\u00e4ftliche Zwecke und \/ oder Marketingzwecke und \/ oder Profilingzwecke:\n<ul>\n<li>Versenden von Newslettern, gesch\u00e4ftlichen Mitteilungen und\/oder Werbematerial \u00fcber Produkte und Dienstleistungen, die vom Verantwortlichen per e-Mail, Post und\/oder SMS und\/oder telefonischen Kontakt angeboten werden und\/oder Erhebung der Zufriedenheit mit der Qualit\u00e4t, dessen, was auf Ihre Anfrage durchgef\u00fchrt wurde;<\/li>\n<li>Versenden von gesch\u00e4ftlichen Mitteilungen und\/oder Werbemitteilungen Dritter (zum Beispiel Gesch\u00e4ftspartner) per E-Mail, Post und\/oder SMS und\/oder telefonische Kontakte.<\/li>\n<\/ul>\n<\/li>\n<\/ul>\n<ol start=\"3\">\n<li><strong> Art der Datenverarbeitung<\/strong><\/li>\n<\/ol>\n<p>Die Verarbeitung Ihrer Daten erfolgt durch die in Art. 4 Nr.\u00a0 2) der EU-Verordnung genannten Vorg\u00e4nge, insbesondere: Erheben, Erfassen, Organisation, Ordnen, Speicherung, Anpassung oder Ver\u00e4nderung, Auslesen, Abfragen, Verwendung, Offenlegung durch \u00dcbermittlung, Verbreitung oder eine andere Form der Bereitstellung, Abgleich oder Verkn\u00fcpfung, Einschr\u00e4nkung, L\u00f6schen oder Vernichtung von Daten. Ihre personenbezogenen Daten werden sowohl auf Papier als auch elektronisch und\/oder automatisiert verarbeitet (in jedem Fall um, die Sicherheit und Vertraulichkeit der Daten zu gew\u00e4hrleisten).<\/p>\n<ol start=\"4\">\n<li><strong> Speicherfrist f\u00fcr die Daten und andere Informationen.<\/strong><\/li>\n<\/ol>\n<p>Der Verantwortliche verarbeitet die personenbezogenen Daten f\u00fcr den Zeitraum, der zur Erf\u00fcllung der oben genannten Zwecke erforderlich ist, in jedem Fall jedoch nicht l\u00e4nger als die gesetzlichen Bestimmungen ab Beendigung des Verh\u00e4ltnisses zu den im bestehenden Verh\u00e4ltnis genannten Zwecken vorsehen.<\/p>\n<p>In Bezug auf die personenbezogene Daten, die einer Verarbeitung zum Zwecke der Werbung oder einer Verarbeitung zum Profiling unterliegen, werden diese unter Wahrung des Verh\u00e4ltnism\u00e4\u00dfigkeitsprinzips aufbewahrt, und zwar in jedem Fall bis zur Weiterverfolgung der Verarbeitungszwecke oder bis zum Widerruf der ausdr\u00fccklichen Zustimmung von Seiten der betroffenen Person.<\/p>\n<p>Konkret wird der Verantwortliche die Daten nicht l\u00e4nger als 2 Jahre ab dem Zeitpunkt der Erhebung der Daten f\u00fcr Werbezwecke und ein Jahr ab dem Zeitpunkt der Erhebung der Daten f\u00fcr das Profiling verarbeiten.<\/p>\n<p>Die von Ihnen angegebenen personenbezogenen Daten werden \u201e<strong>rechtm\u00e4\u00dfig, nach Treu und Glauben und transparent<\/strong>\u201c verarbeitet, um Ihre Vertraulichkeit und Ihre Rechte zu sch\u00fctzen.<\/p>\n<p><u>Vorgesehen ist eine j\u00e4hrliche \u00dcberpr\u00fcfung der verarbeiteten Daten und M\u00f6glichkeit, diese zu l\u00f6schen, wenn sie f\u00fcr die vorgesehenen Zwecke nicht mehr ben\u00f6tigt werden.<\/u><\/p>\n<ol start=\"5\">\n<li><strong> Datenzugang<\/strong><\/li>\n<\/ol>\n<p>Ihre Daten k\u00f6nnen f\u00fcr die in Art. 2.A) und 2.B) genannten Zwecke zug\u00e4nglich gemacht werden:<\/p>\n<ul>\n<li>f\u00fcr Gesellschafter, Angestellte und Mitarbeiter des Verantwortlichen in Italien und im Ausland, in ihrer Eigenschaft als Beauftragte und\/oder interne Auftragsverarbeiter und\/oder Systemadministratoren;<\/li>\n<li>f\u00fcr Drittunternehmen oder andere Personen, die ihre T\u00e4tigkeiten im Auftrag des Verantwortlichen in ihrer Eigenschaft als externe Datenverarbeiter auslagern (z.B.: assoziierte B\u00fcros, Rechtsanw\u00e4lte,\u00a0 Datenverarbeitungsunternehmen, Zertifizierungsstellen, Buchhaltungs-\/Steuerberatungsunternehmen und im Allgemeinen alle Stellen, die f\u00fcr die Kontrolle der ordnungsgem\u00e4\u00dfen Erf\u00fcllung der oben genannten Zwecke verantwortlich sind, Kreditinstitute, Berufsfirmen, Berater, Versicherungsgesellschaften f\u00fcr die Erbringung von Versicherungsdienstleistungen, Finanz\u00e4mter, kommunale Einrichtungen und\/oder Gemeinde\u00e4mter, Berater und Dienstleistungsunternehmen\u00a0 f\u00fcr die Sicherheit am Arbeitsplatz, die ihrerseits die Daten \u00fcbermitteln oder ihren Mitgliedern, Nutzern und ihren Beauftragten Zugang zu ihnen f\u00fcr spezifische Marktforschung gew\u00e4hren k\u00f6nnen.\u00a0 Die erhobenen und verarbeiteten Daten k\u00f6nnen auch in Italien und im Ausland gegen\u00fcber Subunternehmern, Lieferanten f\u00fcr das Management von Informationssystemen, Fr\u00e4chtern, Spediteure und Zollagenten offengelegt werden).<\/li>\n<\/ul>\n<p>Eine detaillierte Liste dazu steht Ihnen in unserer Zentrale zur Verf\u00fcgung.<\/p>\n<ol start=\"6\">\n<li><strong> Offenlegung der Daten<\/strong><\/li>\n<\/ol>\n<p>Ohne ausdr\u00fcckliche Einwilligung (Art. 6 Buchst. b) und c) der EU-Verordnung) kann der Verantwortliche Ihre Daten zu den in Punkt 2.A genannten Zwecken an Aufsichtsbeh\u00f6rden, Justizbeh\u00f6rden, Versicherungsgesellschaften zur Erbringung von Versicherungsdienstleistungen sowie an diejenigen Personen weitergeben, denen zur Erf\u00fcllung dieser Zwecke die Offenlegung gesetzlich vorgeschrieben ist.<\/p>\n<p>Diese Personen werden die Daten in ihrer Eigenschaft als autonome Verantwortliche verarbeiten.<\/p>\n<p>W\u00e4hrend und nach der Navigation k\u00f6nnen Ihre Daten an Dritte weitergegeben werden, insbesondere an:<\/p>\n<ul>\n<li>Twitter: Tweets und Twitter Social Widgets sind Interaktionsdienste mit dem sozialen Netzwerk Twitter, die von Twitter Inc. bereitgestellt werden.<\/li>\n<li>Facebook, Inc.: Facebook Social Widgets sind Interaktionsdienste mit dem sozialen Netzwerk Facebook, die von Facebook Inc. bereitgestellt werden.<\/li>\n<li>Semantic Sugar, Inc: AdRoll ist ein Werbedienst, der von Semantic Sugar, Inc. bereitgestellt wird.<\/li>\n<li>Google: Google + Social Widgets sind Interaktionsdienste mit dem sozialen Netzwerk Google +, die von Google Inc. bereitgestellt werden.<\/li>\n<li>Google: AdWords Remarketing ist ein Dienst f\u00fcr Remarketing und Behavioral Targeting , der von Google Inc. bereitgestellt wird.<\/li>\n<li>Facebook, Inc.: Facebook Custom Audience ist ein Dienst f\u00fcr Remarketing und Behavioral Targeting, der von Facebook, Inc. bereitgestellt wird.<\/li>\n<li>Facebook, Inc.: Facebook Remarketing ist ein Dienst f\u00fcr Remarketing und Behavioral Targeting, der von Facebook, Inc. bereitgestellt wird.<\/li>\n<li>Google: Google Analytics ist ein Webanalysedienst, der von Google Inc. bereitgestellt wird.<\/li>\n<li>MixPanel Inc.: MixPanel ist ein Statistikdienst, der von MixPanel Inc. bereitgestellt wird.<\/li>\n<li>Awio Web Services LLC: Improvely ist ein Statistikdienst, der von Awio Web Services LLC. bereitgestellt wird.<\/li>\n<li>Facebook, Inc.: Die Konvertierungs\u00fcberwachung von Facebook Ads ist ein Statistikdienst, der von Facebook, Inc. bereitgestellt wird.<\/li>\n<li>Google: Die Konvertierungs\u00fcberwachung von Google AdWords ist ein Statistikdienst, der von Google Inc. bereitgestellt wird.<\/li>\n<li>Google: Youtube ist ein Anzeigedienst von Video-Inhalten, der von der Google Inc. betrieben wird.<\/li>\n<\/ul>\n<p>Ihre Daten werden nicht weitergegeben.<\/p>\n<ol start=\"7\">\n<li><strong> Daten\u00fcbertragung<\/strong><\/li>\n<\/ol>\n<p>Personenbezogene Daten werden auf Ger\u00e4ten gespeichert, die sich am Sitz des Verantwortlichen oder bei Providern innerhalb der Europ\u00e4ischen Union befinden. Es versteht sich, dass der Verantwortliche gegebenenfalls das Recht hat, die Daten an L\u00e4nder auch au\u00dferhalb der EU zu \u00fcbertragen. In diesem Fall garantiert der Verantwortliche, dass die \u00dcbertragung von Daten au\u00dferhalb der EU gem\u00e4\u00df den geltenden Rechtsvorschriften erfolgt, nach vorherigem Abschluss der von der Europ\u00e4ischen Kommission vorgesehenen Vertragsklauseln und Standardpr\u00fcfungen.<\/p>\n<p>Sowohl in Bezug auf die auf eigenen Ger\u00e4ten vorhandenen Daten als auch auf die beim Provider vorhandenen Daten hat der Verantwortliche angemessene technische und organisatorische Ma\u00dfnahmen zu treffen, um ein entsprechendes Sicherheitsniveau unter voller Einhaltung der Bestimmungen von Art. 32 der EU-Verordnung zu gew\u00e4hrleisten.<\/p>\n<p><u>Navigation<\/u>: Ihre Navigationsdaten k\u00f6nnen zudem, beschr\u00e4nkt auf die oben genannten Zwecke, an die folgenden Staaten \u00fcbertragen werden: \u2013 EU-L\u00e4nder, \u2013 Vereinigte Staaten.<\/p>\n<p><u>Verwaltung von Cookies<\/u>: Wenn Sie Zweifel oder Bedenken hinsichtlich der Verwendung von Cookies haben, k\u00f6nnen Sie jederzeit Ma\u00dfnahmen ergreifen, um das Setzen und Lesen von Cookies zu verhindern, z.B. indem Sie die Datenschutzeinstellungen in Ihrem Browser \u00e4ndern, um bestimmte Arten von Cookies zu blockieren.<\/p>\n<p>Da sich jeder Browser und oft auch verschiedene Versionen desselben Browsers deutlich voneinander unterscheiden und Sie mittels der Pr\u00e4ferenzen Ihres Browsers selbstst\u00e4ndig Einstellungen vornehmen wollen, finden Sie dazu in der Hilfe Ihres Browsers n\u00e4here Informationen.<\/p>\n<ol start=\"8\">\n<li><strong> Art der Datenbereitstellung und Folgen der Weigerung, zu reagieren<\/strong><\/li>\n<\/ol>\n<p>Die Bereitstellung von Daten f\u00fcr die in Punkt 2.A genannten Zwecke ist zwingend erforderlich. Sollten diese nicht gegeben sein, k\u00f6nnen wir Ihnen die unter 2.A) genannten Leistungen nicht garantieren.<\/p>\n<p>Die Bereitstellung von Daten f\u00fcr die in Punkt 2.B) genannten Zwecke ist hingegen optional. Sie k\u00f6nnen daher beschlie\u00dfen, keine Daten zu \u00fcbermitteln oder nachtr\u00e4glich die M\u00f6glichkeit der Verarbeitung bereits \u00fcbermittelter Daten zu verweigern: In diesem Fall d\u00fcrfen Sie die angeforderten Newsletter, gesch\u00e4ftlichen Mitteilungen und Werbematerialien bzw. sonstige Informationen \u00fcber die vom Datenverantwortlichen angebotenen Dienstleistungen nicht erhalten.<\/p>\n<p>Sie haben jedoch weiterhin Anspruch auf die in Punkt 2.A) genannten Dienstleistungen.<\/p>\n<ol start=\"9\">\n<li><strong> Rechte der betroffenen Person<\/strong><\/li>\n<\/ol>\n<p>In Ihrer Eigenschaft als betroffene Person haben Sie die Rechte laut Art. 15 der EU-Verordnung, wie hier folgt:<br \/>\n1. Sie haben das Recht, vom Verantwortlichen eine Best\u00e4tigung dar\u00fcber zu verlangen, ob personenbezogene Daten, die Sie betreffen, verarbeitet werden oder nicht und in diesem Fall haben Sie Zugang zu den personenbezogenen Daten und zu folgenden Informationen:<br \/>\na) Zwecke der Verarbeitung;<br \/>\nb) Kategorien der betreffenden personenbezogener Daten;<br \/>\nc) Empf\u00e4nger oder Kategorien von Empf\u00e4ngern, denen die personenbezogenen Daten mitgeteilt wurden oder werden, insbesondere wenn sie Empf\u00e4nger in Drittl\u00e4ndern oder internationale Organisationen sind;<br \/>\nd) wenn m\u00f6glich, die vorgesehene Speicherfrist f\u00fcr personenbezogene Daten oder wenn dies nicht m\u00f6glich ist, die Kriterien zur Ermittlung dieser Frist;<br \/>\ne) das Bestehen des Rechts des Betroffenen, den Verantwortlichen aufzufordern, personenbezogene Daten zu berichtigen oder zu l\u00f6schen oder die Verarbeitung der ihn betreffenden personenbezogenen Daten einzuschr\u00e4nken oder ihre Verarbeitung zu widersprechen;<br \/>\nf) das Recht, bei einer Aufsichtsbeh\u00f6rde Beschwerde einzureichen (Datenschutzbeauftragter);<br \/>\ng) falls die personenbezogenen Daten nicht bei der betroffenen Person erhoben werden, alle verf\u00fcgbaren Informationen \u00fcber die Herkunft der Daten;<br \/>\nh) das Bestehen eines automatisierten Entscheidungsprozesses, einschlie\u00dflich Profiling gem\u00e4\u00df Artikel 22 Absatz 1 und 4 der EU-Verordnung, und zumindest in diesen F\u00e4llen wesentliche Informationen \u00fcber die verwendete Logik sowie die Bedeutung und die erwarteten Folgen einer solchen Verarbeitung f\u00fcr die betroffene Person.<br \/>\n2. Wenn Ihre personenbezogenen Daten an ein Drittland oder eine internationale Organisation \u00fcbermittelt werden, haben Sie das Recht, \u00fcber das Bestehen angemessener Garantien gem\u00e4\u00df Artikel 46 der EU-Verordnung in Bezug auf die \u00dcbermittlung informiert zu werden.<br \/>\n3. Der Verantwortliche wird Ihnen auf Verlangen eine Kopie Ihrer pers\u00f6nlichen Daten zur Verf\u00fcgung stellen.<br \/>\nWenn Sie zus\u00e4tzliche Kopien anfordern, kann der Verantwortliche Ihnen eine angemessene Geb\u00fchr auf der Grundlage von Verwaltungskosten in Rechnung stellen. Wenn Sie Ihre Anfrage auf elektronischem Wege stellen, werden Ihnen die Informationen, sofern Sie nichts anderes angeben, in einem g\u00e4ngigen elektronischen Format zur Verf\u00fcgung gestellt.<br \/>\n4. Das Recht, eine Kopie gem\u00e4\u00df Absatz 3 zu erhalten, darf die Rechte und Freiheiten anderer nicht ber\u00fchren.<br \/>\nDar\u00fcber hinaus haben Sie gegebenenfalls die in den Artikeln 16 bis 22 der EU-Verordnung genannten Rechte, n\u00e4mlich die folgenden:<\/p>\n<ul>\n<li>das Recht auf Berichtigung personenbezogener Daten;<\/li>\n<li>das Recht auf Vergessenwerden (Recht auf L\u00f6schung);<\/li>\n<li>Recht auf Einschr\u00e4nkung der Verarbeitung;<\/li>\n<li>Recht auf Daten\u00fcbertragbarkeit;<\/li>\n<li>Widerspruchsrecht;<\/li>\n<li>Recht auf Beschwerde bei der Aufsichtsbeh\u00f6rde.<\/li>\n<\/ul>\n<p>Sie haben zudem das Recht, eine bereits erteilte Einwilligung jederzeit zu widerrufen, ohne die Rechtm\u00e4\u00dfigkeit der Verarbeitung aufgrund der vor dem Widerruf erteilten Einwilligung zu beeintr\u00e4chtigen.<\/p>\n<ol start=\"10\">\n<li><strong> Modalit\u00e4ten f\u00fcr die Aus\u00fcbung von Rechten<\/strong><\/li>\n<\/ol>\n<p>Sie k\u00f6nnen Ihre Rechte jederzeit aus\u00fcben und zwar durch:<\/p>\n<ul>\n<li>einen eingeschriebenen Brief mit R\u00fcckschein an die schreibende Person (siehe die Adresse im Briefkopf);<\/li>\n<li>eine E-Mail an die Adresse <a href=\"mailto:f.griggio@sapiselco.com\">f.griggio@sapiselco.com<\/a>.<\/li>\n<\/ul>\n<ol start=\"11\">\n<li><strong> Minderj\u00e4hrige<\/strong><\/li>\n<\/ol>\n<p>Das Angebot des Verantwortlichen, das Gegenstand der bestehenden Beziehung zu Ihnen ist, sieht keine vors\u00e4tzliche Erfassung personenbezogener Daten von Minderj\u00e4hrigen vor. F\u00fcr den Fall, dass Informationen \u00fcber Minderj\u00e4hrige versehentlich erfasst wurden, wird der Verantwortliche diese auf Verlangen des Betroffenen rechtzeitig l\u00f6schen.<\/p>\n<ol start=\"12\">\n<li><strong> Personenbezogene Daten, die nicht bei der betroffenen Person erhoben wurden<\/strong><\/li>\n<\/ol>\n<p>Es kann vorkommen, dass die schreibende Person nicht der Verantwortliche ist, dem Sie Ihre pers\u00f6nlichen Daten gegeben haben, sondern dass diese der Co-Verantwortliche oder der externe Auftragsverarbeiter ist und dass somit Ihre Daten aufgrund eines Vertrages zwischen den Parteien zweitrangig zur schreibenden Person gelangt ist. F\u00fcr diesen Fall wird festgelegt, dass die schreibende Person alle Anstrengungen unternehmen wird, um sicherzustellen, dass Sie informiert wurden und der Verarbeitung zugestimmt haben. Sie k\u00f6nnen die schreibende Person jederzeit nach der Herkunft Ihrer Daten fragen.<\/p>\n<ol start=\"13\">\n<li><strong> Verantwortlicher, D.P.O. (D.S.B.) und Beauftragte<\/strong><\/li>\n<\/ol>\n<p>Nachfolgend stellen wir Ihnen einige Informationen zur Verf\u00fcgung, die Ihnen zur Kenntnis gebracht werden, nicht nur, um den gesetzlichen Verpflichtungen nachzukommen, sondern auch, weil Transparenz und Treu und Glauben gegen\u00fcber unseren Kunden ein wesentlicher Bestandteil unseres Gesch\u00e4fts sind.<\/p>\n<p><strong><em><u>Verantwortlicher <\/u><\/em><\/strong>Der Verantwortliche Ihrer personenbezogenen Daten ist Sapiselco \u00a0srl, in dessen Namen Herr Federico Griggio zeichnet, der Ihnen gegen\u00fcber f\u00fcr die rechtm\u00e4\u00dfige und ordnungsgem\u00e4\u00dfe Verwendung Ihrer personenbezogenen Daten verantwortlich ist und an den Sie sich f\u00fcr Ausk\u00fcnfte oder Anfragen unter folgenden Adressen wenden k\u00f6nnen: Telefon +39 049 644925 \u2013 E-Mail: <a href=\"mailto:f.griggio@sapiselco.com\">f.griggio@sapiselco.com<\/a>.<\/p>\n<p><strong><em><u>D.P.O. (Data Protection Officer) \u2013 D.S.B. (Datenschutzbeauftragter)<\/u><\/em><\/strong>. Sie k\u00f6nnen sich auch an den Datenschutzbeauftragten wenden, um Informationen zu erhalten und Anfragen zu Ihren Daten zu stellen oder um ev. festgestellte St\u00f6rungen oder Probleme zu melden.<\/p>\n<p>Der Verantwortliche hat Herrn Nicola Ghinello zum Datenschutzbeauftragten ernannt, den sie unter den folgenden Adressen kontaktieren k\u00f6nnen: Telefon +39 348 3165267, E-Mail: nicola.ghinello@dpo-rpd.com.<\/p>\n<p><strong><em><u>Zust\u00e4ndige.<\/u><\/em><\/strong> Die aktualisierte Liste der f\u00fcr die Datenverarbeitung Zust\u00e4ndigen wird am Sitz des Verantwortlichen gef\u00fchrt.[\/vc_column_text][\/vc_column][\/vc_row]<\/p>\n<\/div>","protected":false},"excerpt":{"rendered":"[vc_row gap=&#8220;30&#8243;][vc_column][vc_column_text] Information zum Schutz personenbezogener Daten [\/vc_column_text][\/vc_column][\/vc_row][vc_row css=&#8220;.vc_custom_1640099674133{padding-bottom: 30px !important;}&#8220;][vc_column][vc_column_text](Art. 13 und 14 EUROP\u00c4ISCHE VERORDNUNG NR. 679\/2016 ) Sehr geehrte Internetnutzer, die schreibende Sapiselco \u00a0Srl, mit Sitz in Via Irpinia, 43\/45 z. a. (Handwerkerzone) \u2013 35020 Saonara (Provinz Padua), italienische Steuernummer\u00a0 und Mehrwertsteuernummer IT 00073410284, m\u00f6chte Sie \u2013 in Funktion als \u201eVerantwortlicher\u201c gem\u00e4\u00df Artikel <a href=\"https:\/\/www.sapiselco.com\/de\/privacy-policy\/\" class=\"more-link\">&#8230;<\/a>","protected":false},"author":1,"featured_media":0,"parent":0,"menu_order":0,"comment_status":"closed","ping_status":"open","template":"","meta":{"_acf_changed":false,"footnotes":""},"class_list":["post-48570","page","type-page","status-publish","hentry"],"acf":[],"_links":{"self":[{"href":"https:\/\/www.sapiselco.com\/de\/wp-json\/wp\/v2\/pages\/48570","targetHints":{"allow":["GET"]}}],"collection":[{"href":"https:\/\/www.sapiselco.com\/de\/wp-json\/wp\/v2\/pages"}],"about":[{"href":"https:\/\/www.sapiselco.com\/de\/wp-json\/wp\/v2\/types\/page"}],"author":[{"embeddable":true,"href":"https:\/\/www.sapiselco.com\/de\/wp-json\/wp\/v2\/users\/1"}],"replies":[{"embeddable":true,"href":"https:\/\/www.sapiselco.com\/de\/wp-json\/wp\/v2\/comments?post=48570"}],"version-history":[{"count":4,"href":"https:\/\/www.sapiselco.com\/de\/wp-json\/wp\/v2\/pages\/48570\/revisions"}],"predecessor-version":[{"id":58298,"href":"https:\/\/www.sapiselco.com\/de\/wp-json\/wp\/v2\/pages\/48570\/revisions\/58298"}],"wp:attachment":[{"href":"https:\/\/www.sapiselco.com\/de\/wp-json\/wp\/v2\/media?parent=48570"}],"curies":[{"name":"wp","href":"https:\/\/api.w.org\/{rel}","templated":true}]}}