{"id":48712,"date":"2022-01-31T17:08:43","date_gmt":"2022-01-31T16:08:43","guid":{"rendered":"https:\/\/www.sapiselco.com\/id-cable-ties\/"},"modified":"2022-07-25T16:31:19","modified_gmt":"2022-07-25T14:31:19","slug":"kabelbinder-fuer-die-kabelkennzeichnung","status":"publish","type":"page","link":"https:\/\/www.sapiselco.com\/de\/kabelbinder-fuer-die-kabelkennzeichnung\/","title":{"rendered":"Kabelbinder f\u00fcr die Kabelkennzeichnung"},"content":{"rendered":"<div class=\"wpb-content-wrapper\"><p>[vc_row gap=&#8220;30&#8243;][vc_column][vc_column_text]<\/p>\n<h2>Kabelbinder f\u00fcr die <strong>Kabelkennzeichnung<\/strong><\/h2>\n<p>[\/vc_column_text][\/vc_column][\/vc_row][vc_row css=&#8220;.vc_custom_1640267924508{padding-bottom: 30px !important;}&#8220;][vc_column][vc_tta_tour style=&#8220;flat&#8220; shape=&#8220;square&#8220; gap=&#8220;30&#8243; active_section=&#8220;1&#8243; no_fill_content_area=&#8220;true&#8220; el_class=&#8220;tab-type-1&#8243;][vc_tta_section title=&#8220;id 83x51mm&#8220; tab_id=&#8220;id83x51mm&#8220;][vc_single_image image=&#8220;3425&#8243; img_size=&#8220;full&#8220; el_class=&#8220;id83x51mm tabImg&#8220;][vc_single_image image=&#8220;3034&#8243; img_size=&#8220;full&#8220;][vc_column_text el_class=&#8220;sezione1&#8243;]Der Kabelbinder\u00a0<strong>ID \u2013 83\u00d751\u00a0<\/strong>wird aus\u00a0<strong>Polyamid 6.6<\/strong>\u00a0hergestellt und besteht aus einem abgerundeten Korpus mit Innenverzahnung ohne scharfe Kanten, einer Sperrzunge aus Polyamid 6.6 und einem viereckigen Kopf mit\u00a0<strong>Beschriftungspl\u00e4ttchen 83\u00d751 mm<\/strong>\u00a0f\u00fcr die Identifizierungsbed\u00fcrfnisse.\u00a0 Der Beschriftungstr\u00e4ger kann dank seiner gro\u00dfen Abmessungen eine gro\u00dfe Menge geschriebene oder gedruckte Informationen enthalten.<\/p>\n<p>Das Produkt ist mit folgender \u00d6ffnungslast verf\u00fcgbar:\u00a0<strong>450N \/ 45kg<\/strong><\/p>\n<p>Der Kabelbinder f\u00fcr die Kabelkennzeichnung ID \u2013 83\u00d751 kann\u00a0<strong>von Hand befestigt<\/strong>\u00a0werden, oder mit einer\u00a0<strong>Kabelbinderzange<\/strong>.[\/vc_column_text][vc_row_inner gap=&#8220;30&#8243;][vc_column_inner width=&#8220;1\/2&#8243;][vc_btn title=&#8220;TECHNISCHE TABELLE&#8220; style=&#8220;outline-custom&#8220; outline_custom_color=&#8220;#00955f&#8220; outline_custom_hover_background=&#8220;#00955f&#8220; outline_custom_hover_text=&#8220;#ffffff&#8220; shape=&#8220;square&#8220; align=&#8220;center&#8220; i_align=&#8220;right&#8220; i_icon_fontawesome=&#8220;fas fa-table&#8220; css_animation=&#8220;fadeIn&#8220; button_block=&#8220;true&#8220; add_icon=&#8220;true&#8220; custom_onclick=&#8220;true&#8220; custom_onclick_code=&#8220;openModal(&#8222;#table3&#8222;);&#8220;][\/vc_column_inner][vc_column_inner width=&#8220;1\/2&#8243;][\/vc_column_inner][\/vc_row_inner][vc_row_inner][vc_column_inner][vc_column_text]<\/p>\n<h3>M\u00f6gliche Herstellung aus <strong>Sonderwerkstoffen<\/strong><\/h3>\n<p>[\/vc_column_text][vc_empty_space height=&#8220;15px&#8220;]<div class=\"box-icon-modal icon-small\" data-modal=\"\">\n\t<img decoding=\"async\" src=\"\/wp-content\/uploads\/2021\/12\/fascette-speciali-colorate.svg\" alt=\"Modal icon\" \/>\n\t<p><strong>FARBIGER<\/strong> KABELBINDER<\/p>\n<\/div>\n[vc_column_text]N\u00e4here Informationen \u00fcber die farbigen Kabelbinder ID k\u00f6nnen hier per E-Mail beantragt werden: <a class=\"accent\" href=\"mailto:info@sapiselco.com\">info@sapiselco.com<\/a>[\/vc_column_text][\/vc_column_inner][\/vc_row_inner][\/vc_tta_section][vc_tta_section title=&#8220;id 35x13mm&#8220; tab_id=&#8220;id35x13mm&#8220;][vc_single_image image=&#8220;3415&#8243; img_size=&#8220;full&#8220; el_class=&#8220;id35x13mm tabImg&#8220;][vc_single_image image=&#8220;3044&#8243; img_size=&#8220;full&#8220;][vc_column_text el_class=&#8220;sezione1&#8243;]Der Kabelbinder\u00a0<strong>ID \u2013 35&#215;13\u00a0<\/strong>wird aus\u00a0<strong>selbstverl\u00f6schendem<\/strong> <strong>Polyamid 6.6 (UL94:V2)<\/strong>\u00a0hergestellt und besteht aus einem abgerundeten Korpus mit Innenverzahnung ohne scharfe Kanten, einer Sperrzunge aus Polyamid 6.6 und einem viereckigen Kopf mit\u00a0<strong>Beschriftungspl\u00e4ttchen 35&#215;13 mm<\/strong>\u00a0f\u00fcr die Identifizierungsbed\u00fcrfnisse.<\/p>\n<p>Das Produkt ist mit folgender \u00d6ffnungslast verf\u00fcgbar:\u00a0<strong>220N \/ 22kg<\/strong><\/p>\n<p>Der Kabelbinder ID \u2013 35\u00d713 kann\u00a0<strong>von Hand befestigt<\/strong>\u00a0werden, oder mit einer\u00a0<strong>Kabelbinderzange<\/strong>.[\/vc_column_text][vc_row_inner gap=&#8220;30&#8243;][vc_column_inner width=&#8220;1\/2&#8243;][vc_btn title=&#8220;TECHNISCHE TABELLE&#8220; style=&#8220;outline-custom&#8220; outline_custom_color=&#8220;#00955f&#8220; outline_custom_hover_background=&#8220;#00955f&#8220; outline_custom_hover_text=&#8220;#ffffff&#8220; shape=&#8220;square&#8220; align=&#8220;center&#8220; i_align=&#8220;right&#8220; i_icon_fontawesome=&#8220;fas fa-table&#8220; css_animation=&#8220;fadeIn&#8220; button_block=&#8220;true&#8220; add_icon=&#8220;true&#8220; custom_onclick=&#8220;true&#8220; custom_onclick_code=&#8220;openModal(&#8222;#table2&#8222;);&#8220;][\/vc_column_inner][vc_column_inner width=&#8220;1\/2&#8243;][\/vc_column_inner][\/vc_row_inner][vc_row_inner][vc_column_inner][vc_column_text]<\/p>\n<h3>M\u00f6gliche Herstellung aus <strong>Sonderwerkstoffen<\/strong><\/h3>\n<p>[\/vc_column_text][vc_empty_space height=&#8220;15px&#8220;]<div class=\"box-icon-modal icon-small\" data-modal=\"\">\n\t<img decoding=\"async\" src=\"\/wp-content\/uploads\/2021\/12\/fascette-speciali-colorate.svg\" alt=\"Modal icon\" \/>\n\t<p><strong>FARBIGER<\/strong> KABELBINDER<\/p>\n<\/div>\n[vc_column_text]N\u00e4here Informationen \u00fcber die farbigen Kabelbinder ID k\u00f6nnen hier per E-Mail beantragt werden: <a class=\"accent\" href=\"mailto:info@sapiselco.com\">info@sapiselco.com<\/a>[\/vc_column_text][\/vc_column_inner][\/vc_row_inner][\/vc_tta_section][vc_tta_section title=&#8220;id 8x25mm&#8220; tab_id=&#8220;id8x25mm&#8220;][vc_single_image image=&#8220;3420&#8243; img_size=&#8220;full&#8220; el_class=&#8220;id8x25mm tabImg&#8220;][vc_single_image image=&#8220;3054&#8243; img_size=&#8220;full&#8220;][vc_column_text el_class=&#8220;sezione1&#8243;]Der Kabelbinder\u00a0<strong>ID \u2013 8&#215;25\u00a0<\/strong>wird aus\u00a0<strong>selbstverl\u00f6schendem Polyamid 6.6 (UL94:V2)<\/strong>\u00a0hergestellt und besteht aus einem abgerundeten Korpus mit Innenverzahnung ohne scharfe Kanten, einer Sperrzunge aus Polyamid 6.6 und einem viereckigen Kopf mit\u00a0<strong>Beschriftungspl\u00e4ttchen 8&#215;25 mm\u00a0<\/strong>f\u00fcr die Identifizierungsbed\u00fcrfnisse.<\/p>\n<p>Das Produkt ist mit folgender \u00d6ffnungslast verf\u00fcgbar:\u00a0<strong>90N \/ 9kg<\/strong><\/p>\n<p>Der Kabelbinder ID \u2013 8\u00d725 kann\u00a0<strong>von Hand befestigt<\/strong>\u00a0werden, oder mit einer\u00a0<strong>Kabelbinderzange<\/strong>.[\/vc_column_text][vc_row_inner gap=&#8220;30&#8243;][vc_column_inner width=&#8220;1\/2&#8243;][vc_btn title=&#8220;TECHNISCHE TABELLE&#8220; style=&#8220;outline-custom&#8220; outline_custom_color=&#8220;#00955f&#8220; outline_custom_hover_background=&#8220;#00955f&#8220; outline_custom_hover_text=&#8220;#ffffff&#8220; shape=&#8220;square&#8220; align=&#8220;center&#8220; i_align=&#8220;right&#8220; i_icon_fontawesome=&#8220;fas fa-table&#8220; css_animation=&#8220;fadeIn&#8220; button_block=&#8220;true&#8220; add_icon=&#8220;true&#8220; custom_onclick=&#8220;true&#8220; custom_onclick_code=&#8220;openModal(&#8222;#table1&#8222;);&#8220;][\/vc_column_inner][vc_column_inner width=&#8220;1\/2&#8243;][\/vc_column_inner][\/vc_row_inner][vc_row_inner][vc_column_inner][vc_column_text]<\/p>\n<h3>M\u00f6gliche Herstellung aus <strong>Sonderwerkstoffen<\/strong><\/h3>\n<p>[\/vc_column_text][vc_empty_space height=&#8220;15px&#8220;]<div class=\"box-icon-modal icon-small\" data-modal=\"\">\n\t<img decoding=\"async\" src=\"\/wp-content\/uploads\/2021\/12\/fascette-speciali-colorate.svg\" alt=\"Modal icon\" \/>\n\t<p><strong>FARBIGER<\/strong> KABELBINDER<\/p>\n<\/div>\n[vc_column_text]N\u00e4here Informationen \u00fcber die farbigen Kabelbinder ID k\u00f6nnen hier per E-Mail beantragt werden: <a class=\"accent\" href=\"mailto:info@sapiselco.com\">info@sapiselco.com<\/a>[\/vc_column_text][\/vc_column_inner][\/vc_row_inner][\/vc_tta_section][\/vc_tta_tour][vc_raw_js]JTNDc2NyaXB0JTNFJTBBdmFyJTIwJTI0aiUyMCUzRCUyMGpRdWVyeSUzQiUwQWZ1bmN0aW9uJTIwb3Blbk1vZGFsJTI4bW9kYWwlMjklN0IlMEF2YXIlMjBtb2RhbENvbnRhaW5lciUyMCUzRCUyMCUyNGolMjglMjcubW9kYWwtY29udGVudC1ib3glMjclMjklM0IlMEFtb2RhbENvbnRhaW5lci5odG1sJTI4JTI3JTI3JTI5JTNCJTBBdmFyJTIwbW9kYWxjb250ZW50JTIwJTNEJTIwJTI0aiUyOG1vZGFsJTI5Lmh0bWwlMjglMjklM0IlMEFtb2RhbENvbnRhaW5lci5odG1sJTI4bW9kYWxjb250ZW50JTI5LnNob3clMjglMjklM0IlMEElMjRqJTI4JTI3JTIzbW9kYWwtY29udGFpbmVyJTI3JTI5LmZhZGVJbiUyOCUyOSUzQiUwQSU3RCUwQSUzQyUyRnNjcmlwdCUzRQ==[\/vc_raw_js][\/vc_column][\/vc_row][vc_row el_id=&#8220;table1&#8243; el_class=&#8220;modal-box-content&#8220;][vc_column][vc_row_inner gap=&#8220;30&#8243; css=&#8220;.vc_custom_1644311905804{margin-bottom: 0px !important;padding-bottom: 0px !important;}&#8220;][vc_column_inner css=&#8220;.vc_custom_1644311912204{margin-bottom: 0px !important;padding-bottom: 0px !important;}&#8220;][vc_column_text css=&#8220;.vc_custom_1658759459003{margin-bottom: 0px !important;padding-bottom: 0px !important;}&#8220;]<\/p>\n<h4>8x25mm Technische tabelle<\/h4>\n<p><img loading=\"lazy\" decoding=\"async\" class=\"alignnone size-full wp-image-3596\" src=\"https:\/\/www.sapiselco.com\/wp-content\/uploads\/2022\/02\/tab-ident-targhetta-8x25-1.jpg\" alt=\"\" width=\"1200\" height=\"238\" srcset=\"https:\/\/www.sapiselco.com\/wp-content\/uploads\/2022\/02\/tab-ident-targhetta-8x25-1.jpg 1200w, https:\/\/www.sapiselco.com\/wp-content\/uploads\/2022\/02\/tab-ident-targhetta-8x25-1-1024x203.jpg 1024w, https:\/\/www.sapiselco.com\/wp-content\/uploads\/2022\/02\/tab-ident-targhetta-8x25-1-600x119.jpg 600w\" sizes=\"auto, (max-width: 1200px) 100vw, 1200px\" \/>[\/vc_column_text][\/vc_column_inner][\/vc_row_inner][\/vc_column][\/vc_row][vc_row el_id=&#8220;table2&#8243; el_class=&#8220;modal-box-content&#8220;][vc_column][vc_row_inner gap=&#8220;30&#8243; css=&#8220;.vc_custom_1644311851439{margin-bottom: 0px !important;padding-bottom: 0px !important;}&#8220;][vc_column_inner][vc_column_text css=&#8220;.vc_custom_1658759466594{margin-bottom: 0px !important;padding-bottom: 0px !important;}&#8220;]<\/p>\n<h4>35x13mm Technische tabelle<\/h4>\n<p><img loading=\"lazy\" decoding=\"async\" class=\"alignnone size-full wp-image-3601\" src=\"https:\/\/www.sapiselco.com\/wp-content\/uploads\/2022\/02\/tab-ident-targhetta-35x13-1.jpg\" alt=\"\" width=\"1200\" height=\"238\" srcset=\"https:\/\/www.sapiselco.com\/wp-content\/uploads\/2022\/02\/tab-ident-targhetta-35x13-1.jpg 1200w, https:\/\/www.sapiselco.com\/wp-content\/uploads\/2022\/02\/tab-ident-targhetta-35x13-1-1024x203.jpg 1024w, https:\/\/www.sapiselco.com\/wp-content\/uploads\/2022\/02\/tab-ident-targhetta-35x13-1-600x119.jpg 600w\" sizes=\"auto, (max-width: 1200px) 100vw, 1200px\" \/>[\/vc_column_text][\/vc_column_inner][\/vc_row_inner][\/vc_column][\/vc_row][vc_row el_id=&#8220;table3&#8243; el_class=&#8220;modal-box-content&#8220; css=&#8220;.vc_custom_1644311867769{margin-bottom: 0px !important;padding-bottom: 0px !important;}&#8220;][vc_column][vc_row_inner gap=&#8220;30&#8243;][vc_column_inner][vc_column_text css=&#8220;.vc_custom_1658759475140{margin-bottom: 0px !important;padding-bottom: 0px !important;}&#8220;]<\/p>\n<h4>83x51mm Technische tabelle<\/h4>\n<p><img loading=\"lazy\" decoding=\"async\" class=\"alignnone size-full wp-image-3606\" src=\"https:\/\/www.sapiselco.com\/wp-content\/uploads\/2022\/02\/tab-ident-maxi-targhetta.jpg\" alt=\"\" width=\"1200\" height=\"182\" srcset=\"https:\/\/www.sapiselco.com\/wp-content\/uploads\/2022\/02\/tab-ident-maxi-targhetta.jpg 1200w, https:\/\/www.sapiselco.com\/wp-content\/uploads\/2022\/02\/tab-ident-maxi-targhetta-1024x155.jpg 1024w, https:\/\/www.sapiselco.com\/wp-content\/uploads\/2022\/02\/tab-ident-maxi-targhetta-600x91.jpg 600w\" sizes=\"auto, (max-width: 1200px) 100vw, 1200px\" \/>[\/vc_column_text][\/vc_column_inner][\/vc_row_inner][\/vc_column][\/vc_row]<\/p>\n<\/div>","protected":false},"excerpt":{"rendered":"[vc_row gap=&#8220;30&#8243;][vc_column][vc_column_text] Kabelbinder f\u00fcr die Kabelkennzeichnung [\/vc_column_text][\/vc_column][\/vc_row][vc_row css=&#8220;.vc_custom_1640267924508{padding-bottom: 30px !important;}&#8220;][vc_column][vc_tta_tour style=&#8220;flat&#8220; shape=&#8220;square&#8220; gap=&#8220;30&#8243; active_section=&#8220;1&#8243; no_fill_content_area=&#8220;true&#8220; el_class=&#8220;tab-type-1&#8243;][vc_tta_section title=&#8220;id 83x51mm&#8220; tab_id=&#8220;id83x51mm&#8220;][vc_single_image image=&#8220;3425&#8243; img_size=&#8220;full&#8220; el_class=&#8220;id83x51mm tabImg&#8220;][vc_single_image image=&#8220;3034&#8243; img_size=&#8220;full&#8220;][vc_column_text el_class=&#8220;sezione1&#8243;]Der Kabelbinder\u00a0ID \u2013 83\u00d751\u00a0wird aus\u00a0Polyamid 6.6\u00a0hergestellt und besteht aus einem abgerundeten Korpus mit Innenverzahnung ohne scharfe Kanten, einer Sperrzunge aus Polyamid 6.6 und einem viereckigen Kopf mit\u00a0Beschriftungspl\u00e4ttchen 83\u00d751 mm\u00a0f\u00fcr die <a href=\"https:\/\/www.sapiselco.com\/de\/kabelbinder-fuer-die-kabelkennzeichnung\/\" class=\"more-link\">&#8230;<\/a>","protected":false},"author":1,"featured_media":0,"parent":0,"menu_order":0,"comment_status":"closed","ping_status":"closed","template":"","meta":{"_acf_changed":false,"footnotes":""},"class_list":["post-48712","page","type-page","status-publish","hentry"],"acf":[],"_links":{"self":[{"href":"https:\/\/www.sapiselco.com\/de\/wp-json\/wp\/v2\/pages\/48712","targetHints":{"allow":["GET"]}}],"collection":[{"href":"https:\/\/www.sapiselco.com\/de\/wp-json\/wp\/v2\/pages"}],"about":[{"href":"https:\/\/www.sapiselco.com\/de\/wp-json\/wp\/v2\/types\/page"}],"author":[{"embeddable":true,"href":"https:\/\/www.sapiselco.com\/de\/wp-json\/wp\/v2\/users\/1"}],"replies":[{"embeddable":true,"href":"https:\/\/www.sapiselco.com\/de\/wp-json\/wp\/v2\/comments?post=48712"}],"version-history":[{"count":9,"href":"https:\/\/www.sapiselco.com\/de\/wp-json\/wp\/v2\/pages\/48712\/revisions"}],"predecessor-version":[{"id":58227,"href":"https:\/\/www.sapiselco.com\/de\/wp-json\/wp\/v2\/pages\/48712\/revisions\/58227"}],"wp:attachment":[{"href":"https:\/\/www.sapiselco.com\/de\/wp-json\/wp\/v2\/media?parent=48712"}],"curies":[{"name":"wp","href":"https:\/\/api.w.org\/{rel}","templated":true}]}}