{"id":48571,"date":"2021-05-24T11:58:02","date_gmt":"2021-05-24T09:58:02","guid":{"rendered":"https:\/\/www.sapiselco.com\/privacy-policy\/"},"modified":"2022-07-15T17:18:49","modified_gmt":"2022-07-15T15:18:49","slug":"privacy-policy","status":"publish","type":"page","link":"https:\/\/www.sapiselco.com\/es\/privacy-policy\/","title":{"rendered":"Pol\u00edtica de Privacidad"},"content":{"rendered":"<div class=\"wpb-content-wrapper\"><p>[vc_row gap=\u00bb30&#8243;][vc_column][vc_column_text]<\/p>\n<h2>Informaci\u00f3n sobre el <strong>tratamiento de datos personales<\/strong><\/h2>\n<p>[\/vc_column_text][\/vc_column][\/vc_row][vc_row css=\u00bb.vc_custom_1640099674133{padding-bottom: 30px !important;}\u00bb][vc_column][vc_column_text](Art\u00edculos 13 y 14 del REGLAMENTO EUROPEO 679\/2016)<\/p>\n<p><em>Estimado usuario de Internet: <\/em><\/p>\n<p>la empresa abajo firmante, Sapiselco srl, con domicilio en Via Irpinia, 43\/45 z. a. \u2013 35020 Saonara (Padua), C\u00f3digo Fiscal y N\u00ba I.V.A. IT 00073410284, en su calidad de \u201cResponsable del tratamiento\u201d, le informa, de conformidad con los art\u00edculos 13 y 14 del Reglamento Europeo 679\/2016 (en adelante, \u201cReglamento UE\u201d), que sus datos ser\u00e1n tratados como se indica a continuaci\u00f3n:<\/p>\n<ol>\n<li><strong> Alcance del Tratamiento<\/strong><\/li>\n<\/ol>\n<p>El Responsable del tratamiento le informa que sus datos personales y de identificaci\u00f3n (por ejemplo, nombre, apellido, raz\u00f3n social, direcci\u00f3n, tel\u00e9fono, correo electr\u00f3nico, datos bancarios y\/o de pago, etc.), en adelante llamados \u201cdatos personales\u201d o simplemente \u201cdatos\u201d, recogidos incluso de forma oral directamente o trav\u00e9s de terceros en pasado, como aquellos que ser\u00e1n recogidos en futuro, podr\u00e1n ser tratados de plena conformidad con el Reglamento UE. El Responsable del tratamiento efect\u00faa el tratamiento de manera l\u00edcita espec\u00edficamente para la ejecuci\u00f3n de un contrato del que usted es parte o para la ejecuci\u00f3n de medidas precontractuales (por ejemplo, preparaci\u00f3n de una oferta, etc.) que usted ha solicitado (art. 6 del Reglamento UE).<\/p>\n<p>Por tratamiento de datos se entiende cualquier operaci\u00f3n o conjunto de operaciones relativas a la recogida, registro, organizaci\u00f3n, conservaci\u00f3n, consultaci\u00f3n, proceso, modificaci\u00f3n, selecci\u00f3n, extracci\u00f3n, comparaci\u00f3n, utilizaci\u00f3n, interconexi\u00f3n, bloqueo, comunicaci\u00f3n, difusi\u00f3n y destrucci\u00f3n de los datos.<\/p>\n<ol start=\"2\">\n<li><strong> Base jur\u00eddica y Finalidad del tratamiento<\/strong><\/li>\n<\/ol>\n<p>Base jur\u00eddica: Reglamento UE 679\/2016<\/p>\n<ul>\n<li>A) sin su consentimiento expl\u00edcito (art. 6, letras b), c) y e) del Reglamento UE), para los siguientes fines:\n<ul>\n<li>cumplir con las obligaciones precontractuales, contractuales y tributarias derivadas de las relaciones con usted;<\/li>\n<li>cumplir con las obligaciones establecidas por la ley, un reglamento, la legislaci\u00f3n comunitaria o por una orden de la Autoridad (por ejemplo, contra el blanqueo de dinero);<\/li>\n<li>ejercer los derechos del Responsable de tratamiento, por ejemplo, el derecho de defensa en juicio;<\/li>\n<li>para la tenedur\u00eda de la contabilidad general;<\/li>\n<li>para fines de gesti\u00f3n (facturaci\u00f3n, posible gesti\u00f3n de documentos, etc.);<\/li>\n<li>para la gesti\u00f3n de los cr\u00e9ditos;<\/li>\n<li>para an\u00e1lisis estad\u00edsticos y de control de la calidad;<\/li>\n<li>para operaciones de seguros;<\/li>\n<li>para la asistencia t\u00e9cnica.<\/li>\n<\/ul>\n<p>En particular, sus datos ser\u00e1n tratados para fines relacionados con el cumplimiento de las siguientes obligaciones, relativas a obligaciones legislativas o contractuales:<\/p>\n<ul>\n<li>acceso t\u00e9cnico y funcional al sitio, ning\u00fan dato queda almacenado despu\u00e9s de cerrar el Navegador;<\/li>\n<li>fines de navegaci\u00f3n avanzada o gesti\u00f3n personalizada de los contenidos;<\/li>\n<li>fines de estad\u00edstica y an\u00e1lisis de la navegaci\u00f3n y de los usuarios.<\/li>\n<\/ul>\n<\/li>\n<li>B) Solo con su consentimiento espec\u00edfico y distinto (art. 7 del Reglamento UE), para los siguientes fines comerciales y\/o de mercadotecnia y\/o de elaboraci\u00f3n de perfiles:\n<ul>\n<li>env\u00edo por correo electr\u00f3nico, correo y\/o mensajes de texto y\/o contactos telef\u00f3nicos de boletines de noticias, comunicaciones comerciales y\/o material publicitario sobre productos o servicios ofrecidos por el Responsable del tratamiento y\/o encuestas de satisfacci\u00f3n sobre la calidad de aquello efectuado previa su solicitud;<\/li>\n<li>env\u00edo por correo electr\u00f3nico, correo y\/o mensajes de texto y\/o contactos telef\u00f3nicos de comunicaciones comerciales y\/o promocionales de terceros (por ejemplo, socios comerciales).<\/li>\n<\/ul>\n<\/li>\n<\/ul>\n<ol start=\"3\">\n<li><strong> M\u00e9todos de tratamiento<\/strong><\/li>\n<\/ol>\n<p>El tratamiento de sus datos personales se realiza mediante las operaciones indicadas en el art. 4 apdo. 2) del Reglamento UE, a saber:\u00a0 recogida, registro, organizaci\u00f3n, estructuraci\u00f3n, conservaci\u00f3n, adaptaci\u00f3n o modificaci\u00f3n, extracci\u00f3n, consulta, utilizaci\u00f3n, comunicaci\u00f3n por transmisi\u00f3n, difusi\u00f3n o cualquier otra forma de habilitaci\u00f3n de acceso, cotejo o interconexi\u00f3n, limitaci\u00f3n, supresi\u00f3n o destrucci\u00f3n, bloqueo. Sus datos personales ser\u00e1n tratados con medios impresos, electr\u00f3nicos y\/o automatizados (en todo caso de manera tal que se garanticen la seguridad y confidencialidad de dichos datos).<\/p>\n<ol start=\"4\">\n<li><strong> Per\u00edodo de conservaci\u00f3n de los datos y otra informaci\u00f3n<\/strong><\/li>\n<\/ol>\n<p>El Responsable del tratamiento tratar\u00e1 los datos personales durante el per\u00edodo necesario para cumplir con los fines antes mencionados y, en cualquier caso, durante un per\u00edodo no mayor a los plazos legales a partir del cese de la relaci\u00f3n para los fines referidos a la relaci\u00f3n actual.<\/p>\n<p>Con referencia a los datos personales objetos de tratamiento para fines de mercadotecnia o de tratamiento para fines de elaboraci\u00f3n de perfiles, los mismos ser\u00e1n conservados de acuerdo con el principio de proporcionalidad y, en cualquier caso, hasta que se hayan perseguido los fines del tratamiento o hasta la revocaci\u00f3n del consentimiento espec\u00edfico por parte del interesado.<\/p>\n<p>En el caso espec\u00edfico, el Responsable del tratamiento tratar\u00e1 los datos durante no m\u00e1s de 2 a\u00f1os a partir de la recogida de los datos para los fines de mercadotecnia y un a\u00f1o para los datos recogidos para los fines de elaboraci\u00f3n de perfiles.<\/p>\n<p>Los datos personales que comunique ser\u00e1n tratados \u201c<strong>de manera l\u00edcita, leal y transparente<\/strong>\u201d, protegiendo su confidencialidad y sus derechos.<\/p>\n<p><u>Est\u00e1 previsto realizar una revisi\u00f3n peri\u00f3dica con frecuencia anual de los datos tratados y de la posibilidad de poderlos suprimir si ya no fueran necesarios para los fines previstos.<\/u><\/p>\n<ol start=\"5\">\n<li><strong> Acceso a los datos<\/strong><\/li>\n<\/ol>\n<p>Sus datos podr\u00e1n ser accesibles para los fines mencionados en los apartados anteriores 2.A) y 2.B):<\/p>\n<ul>\n<li>a socios, empleados y colaboradores del Responsable del tratamiento en Italia y en el extranjero, en su calidad de encargados internos del tratamiento y\/o administradores de sistema;<\/li>\n<li>a empresas terceras u otros sujetos que realizan actividades de servicio externo por cuenta del Responsable del tratamiento, en su calidad de encargados externos del tratamiento de datos (a t\u00edtulo enunciativo: estudios asociados, abogados, empresas de procesamiento de datos, organismos de certificaci\u00f3n, consultores contables\/fiscales y, en general, a todos los organismos encargados de comprobar y controlar el correcto cumplimiento de los fines antedichos, institutos de cr\u00e9dito, estudios profesionales, consultores, compa\u00f1\u00edas de seguros para la prestaci\u00f3n de servicios de seguros, oficinas financieras, organismos municipales y\/u oficinas municipales, consultores y empresas de servicios y para la seguridad laboral, que a su vez podr\u00e1n comunicar los datos u autorizar el acceso a los mismos en el \u00e1mbito de sus socios, usuarios y respectivos causahabientes para realizar estudios de mercado espec\u00edficos. Los datos recogidos y tratados tambi\u00e9n podr\u00e1n ser comunicados, en Italia y en el extranjero, a subcontratistas, proveedores, para la gesti\u00f3n sistemas de informaci\u00f3n, transportistas, empresas de transporte y agentes de aduana).<\/li>\n<\/ul>\n<p>Para mayor brevedad, la lista detallada de dichas figuras est\u00e1 disponible en nuestra sede y est\u00e1 a su disposici\u00f3n.<\/p>\n<ol start=\"6\">\n<li><strong> Comunicaci\u00f3n de los datos<\/strong><\/li>\n<\/ol>\n<p>Sin la necesidad de consentimiento expreso (art. 6, letras b) y c) del Reglamento UE), el Responsable del tratamiento podr\u00e1 comunicar sus datos para los fines mencionados en el apartado anterior 2.A) a organismos de vigilancia, autoridades judiciales, compa\u00f1\u00edas de seguros para la prestaci\u00f3n de servicios de seguros, as\u00ed como a aquellos sujetos a quienes la comunicaci\u00f3n es obligatoria por ley para el cumplimiento de los fines antes indicados.<\/p>\n<p>Dichos sujetos tratar\u00e1n los datos en su calidad de responsables aut\u00f3nomos del tratamiento de datos.<\/p>\n<p>Durante y despu\u00e9s de la navegaci\u00f3n sus datos podr\u00e1n ser comunicados a terceros, en particular a:<\/p>\n<ul>\n<li>Twitter: Tweet y los widgets sociales de Twitter son servicios de interacci\u00f3n con la red social Twitter prestados por Twitter, Inc.<\/li>\n<li>Facebook, Inc.: los widgets sociales de Facebook son servicios de interacci\u00f3n con la red social Facebook prestados por Facebook, Inc.<\/li>\n<li>Semantic Sugar, Inc : AdRoll es un servicio de publicidad proporcionado por Semantic Sugar, Inc.<\/li>\n<li>Google: los widgets sociales de Google+ son servicios de interacci\u00f3n con la red social Google+ prestados por Google Inc.<\/li>\n<li>Google: AdWords Remarketing es un servicio de remarketing y segmentaci\u00f3n de comportamiento prestado por Google Inc.<\/li>\n<li>Facebook, Inc.: Facebook Custom Audience es un servicio de remarketing y segmentaci\u00f3n de comportamiento prestado por Facebook, Inc.<\/li>\n<li>Facebook, Inc.: Facebook Remarketing es un servicio de remarketing y segmentaci\u00f3n de comportamiento prestado por Facebook, Inc.<\/li>\n<li>Google: Google Analytics es un servicio anal\u00edtico de web prestado por Google Inc.<\/li>\n<li>MixPanel Inc.: MixPanel es un servicio estad\u00edstico prestado por MixPanel Inc.<\/li>\n<li>Awio Web Services LLC: Improvely es un servicio estad\u00edstico prestado por Awio Web Services LLC.<\/li>\n<li>Facebook, Inc.: el seguimiento de conversiones de Facebook Ads es un servicio estad\u00edstico prestado por Facebook, Inc.<\/li>\n<li>Google: el seguimiento de conversiones de Google AdWords es un servicio estad\u00edstico prestado por Google Inc.<\/li>\n<li>Google: Youtube es un servicio de visualizaci\u00f3n de contenidos de video administrado por Google Inc.<\/li>\n<\/ul>\n<p>Sus datos no ser\u00e1n divulgados.<\/p>\n<ol start=\"7\">\n<li><strong> Transferencia de los datos personales<\/strong><\/li>\n<\/ol>\n<p>Los datos personales se conservan en equipos situados en el domicilio legal del Responsable del tratamiento o en proveedores situados dentro de la Uni\u00f3n Europea. En cualquier caso, se entiende que el Responsable del tratamiento, cuando fuera necesario, tendr\u00e1 derecho a transferir los datos incluso en pa\u00edses no pertenecientes a la UE.\u00a0 En este caso, el Responsable del tratamiento garantiza que la transferencia de los datos a pa\u00edses no pertenecientes a la UE se llevar\u00e1 a cabo de conformidad con las disposiciones legislativas aplicables, previa estipulaci\u00f3n de las cl\u00e1usulas contractuales y comprobaciones est\u00e1ndares previstas por la Comisi\u00f3n Europea.<\/p>\n<p>Tanto en lo que se refiere a los datos presentes en sus equipos, como para cualquier dato presente en el proveedor, el Responsable del tratamiento ha implementado medidas t\u00e9cnicas y organizativas adecuadas para garantizar un nivel adecuado de seguridad, en cumplimiento con las disposiciones del art. 32 del Reglamento UE.<\/p>\n<p><u>Navegaci\u00f3n<\/u>: sus datos de navegaci\u00f3n tambi\u00e9n podr\u00e1n ser transferidos, limitado a los fines antedichos, en los siguientes pa\u00edses: \u2013 Pa\u00edses de la UE, \u2013 Estados Unidos de Am\u00e9rica.<\/p>\n<p><u>Administraci\u00f3n de cookies<\/u>: en caso de dudas o inquietudes sobre el uso de cookies, usted siempre puede intervenir para evitar su configuraci\u00f3n y la lectura, por ejemplo, cambiando la configuraci\u00f3n sobre la privacidad en su navegador para bloquear determinados tipos de cookies.<\/p>\n<p>Ya que cada navegador y a menudo diferentes versiones del mismo navegador difieren significativamente entre s\u00ed, si prefiere actuar de manera independiente a trav\u00e9s de las preferencias de su navegador, en la gu\u00eda de su navegador puede encontrar informaci\u00f3n detallada sobre el procedimiento a realizar.<\/p>\n<ol start=\"8\">\n<li><strong> Comunicaci\u00f3n de datos y consecuencias de la negativa a suministrarlos<\/strong><\/li>\n<\/ol>\n<p>La comunicaci\u00f3n de los datos para los fines mencionados en el apartado anterior 2.A) tiene car\u00e1cter obligatorio. En caso de negativa, no podremos garantizarle los servicios como se indica en 2.A).<\/p>\n<p>La comunicaci\u00f3n de los datos para los fines mencionados en el apartado anterior 2.B) tiene car\u00e1cter facultativo. Por lo tanto, puede decidir no comunicar ning\u00fan dato o posteriormente negar la posibilidad de tratar los datos ya comunicados: en este caso, no podr\u00e1 recibir boletines de noticias, comunicaciones comerciales ni material publicitario y\/o todo aquello relacionado con los servicios ofrecidos por el Responsable del tratamiento.<\/p>\n<p>Sin embargo, seguir\u00e1 teniendo derecho a los servicios mencionados en el punto 2.A).<\/p>\n<ol start=\"9\">\n<li><strong> Derechos del interesado<\/strong><\/li>\n<\/ol>\n<p>En su calidad de interesado, usted tiene los derechos establecidos en el art. 15 del Reglamento UE mencionado a continuaci\u00f3n:<br \/>\n1. tendr\u00e1 derecho a obtener del Responsable del tratamiento confirmaci\u00f3n de si se est\u00e1n tratando o no datos personales que le conciernen y, en tal caso, derecho de acceso a los datos personales y a la siguiente informaci\u00f3n:<\/p>\n<p>a) los fines del tratamiento;<br \/>\nb) las categor\u00edas de datos personales de que se trate;<br \/>\nc) los destinatarios o las categor\u00edas de destinatarios a los que se comunicaron o ser\u00e1n comunicados los datos personales, en particular destinatarios en pa\u00edses terceros u organizaciones internacionales;<br \/>\nd) de ser posible, el plazo previsto de conservaci\u00f3n de los datos personales o, de no ser posible, los criterios utilizados para determinar este plazo;<br \/>\ne) la existencia del derecho a solicitar del responsable del tratamiento la rectificaci\u00f3n o supresi\u00f3n de datos personales o la limitaci\u00f3n del tratamiento de datos personales relativos al interesado, o a oponerse a dicho tratamiento;<br \/>\nf) el derecho a presentar una reclamaci\u00f3n ante una autoridad de control para la protecci\u00f3n de datos personales;<br \/>\ng) cuando los datos personales no se hayan obtenido del interesado, cualquier informaci\u00f3n disponible sobre su origen;<br \/>\nh) la existencia de decisiones automatizadas, incluida la elaboraci\u00f3n de perfiles, a que se refiere el art\u00edculo 22, apartados 1 y 4 del Reglamento UE, y, al menos en tales casos, informaci\u00f3n significativa sobre la l\u00f3gica aplicada, as\u00ed como la importancia y las consecuencias previstas de dicho tratamiento para el interesado.<br \/>\n2. Cuando se transfieran sus datos personales a un tercer pa\u00eds o a una organizaci\u00f3n internacional, tendr\u00e1 derecho a ser informado de las garant\u00edas adecuadas en virtud del art. 46 del Reglamento UE relativas a la transferencia.<br \/>\n3. El Responsable del tratamiento le facilitar\u00e1 una copia de sus datos personales objeto de tratamiento en caso de que lo solicite.<\/p>\n<p>El Responsable del tratamiento podr\u00e1 percibir por cualquier otra copia que solicite un canon razonable basado en los costes administrativos. Cuando presente la solicitud por medios electr\u00f3nicos, y a menos que solicite que se facilite de otro modo, la informaci\u00f3n se facilitar\u00e1 en un formato electr\u00f3nico de uso com\u00fan.<\/p>\n<ol start=\"4\">\n<li>El derecho a obtener copia mencionado en el apartado 3 no afectar\u00e1 negativamente a los derechos y libertades de otros.<\/li>\n<\/ol>\n<p>Adem\u00e1s, cuando corresponda, usted podr\u00e1 ejercer los derechos mencionados en los art\u00edculos desde el 16 al 22 del Reglamento UE, a saber:<\/p>\n<ul>\n<li>el derecho de rectificaci\u00f3n de los datos personales;<\/li>\n<li>el derecho al olvido (derecho de supresi\u00f3n);<\/li>\n<li>el derecho de limitaci\u00f3n del tratamiento;<\/li>\n<li>el derecho a la portabilidad de los datos;<\/li>\n<li>el derecho de oposici\u00f3n;<\/li>\n<li>el derecho de reclamaci\u00f3n ante la autoridad de control.<\/li>\n<\/ul>\n<p>Tambi\u00e9n tiene derecho a revocar el consentimiento en cualquier momento sin perjudicar la licitud del tratamiento basada sobre el consentimiento prestado antes de la revocaci\u00f3n.<\/p>\n<ol start=\"10\">\n<li><strong> Modalidades de ejercicio de los derechos<\/strong><\/li>\n<\/ol>\n<p>Podr\u00e1 ejercer sus derechos en cualquier momento enviando:<\/p>\n<ul>\n<li>una carta certificada con acuse de recibo\u00a0 al abajo firmante (ver la direcci\u00f3n indicada en el papel membretado);<\/li>\n<li>un correo electr\u00f3nico a <a href=\"mailto:f.griggio@sapiselco.com\">f.griggio@sapiselco.com<\/a>.<\/li>\n<\/ul>\n<ol start=\"11\">\n<li><strong> Menores<\/strong><\/li>\n<\/ol>\n<p>Los servicios ofrecidos por el Responsable del tratamiento y objeto de la relaci\u00f3n con usted no contempla la recopilaci\u00f3n intencional de informaci\u00f3n personal sobre los ni\u00f1os. Si la informaci\u00f3n sobre ni\u00f1os fuera registrada involuntariamente, el Responsable del tratamiento la suprimir\u00e1 inmediatamente, a petici\u00f3n del interesado.<\/p>\n<ol start=\"12\">\n<li><strong> Datos personales no obtenidos del interesado<\/strong><\/li>\n<\/ol>\n<p>Puede suceder que el abajo firmante no sea el Responsable del tratamiento al que usted ha comunicado sus datos personales, sino que sea un co-responsable del tratamiento o encargado del tratamiento externo y que, por lo tanto, sus datos hayan llegado al abajo firmante en segundo lugar debido a un contrato que regula las partes. En este caso cabe precisar que el abajo firmante har\u00e1 todo lo posible para asegurarse de que usted sea informado y haya dado su consentimiento para el tratamiento. Puede solicitar en cualquier momento al abajo firmante el origen de recopilaci\u00f3n de sus datos.<\/p>\n<ol start=\"13\">\n<li><strong> Responsable, DPD (Delegado de Protecci\u00f3n de Datos) y Encargados<\/strong><\/li>\n<\/ol>\n<p>A continuaci\u00f3n, le proporcionamos informaci\u00f3n que necesitamos que usted conozca, no solo para cumplir con las obligaciones legales, sino tambi\u00e9n porque la transparencia y el comportamiento correcto para con nuestros clientes es parte fundamental de nuestra actividad.<\/p>\n<p><strong><em><u>Responsable del tratamiento.<\/u><\/em><\/strong> El Responsable del tratamiento de sus datos personales es Sapiselco srl, por cuenta del firmante, Sr. Federico Griggio, responsable del uso leg\u00edtimo y correcto de sus datos personales, y que podr\u00e1 contactar para cualquier informaci\u00f3n o solicitud a: tel\u00e9fono +39 049 644925 \u2013 correo electr\u00f3nico: <a href=\"mailto:f.griggio@sapiselco.com\">f.griggio@sapiselco.com<\/a>.<\/p>\n<p><strong><em><u>DPD (Delegado de Protecci\u00f3n de datos)<\/u><\/em><\/strong> Tambi\u00e9n puede contactar con el Delegado de Protecci\u00f3n de Datos para obtener y solicitar informaci\u00f3n sobre sus datos o para comunicar defectos en el servicio o cualquier problema que pueda encontrar.<\/p>\n<p>El Responsable del tratamiento ha nombrado al Sr. Nicola Ghinello como Delegado de Protecci\u00f3n de Datos, que podr\u00e1 contactar mediante: tel\u00e9fono +39 348 3165267, correo electr\u00f3nico: nicola.ghinello@dpo-rpd.com.<\/p>\n<p><strong><em><u>Encargados.<\/u><\/em><\/strong> La lista actualizada de los encargados del tratamiento est\u00e1 custodiada en el domicilio legal del Responsable del tratamiento.[\/vc_column_text][\/vc_column][\/vc_row]<\/p>\n<\/div>","protected":false},"excerpt":{"rendered":"[vc_row gap=\u00bb30&#8243;][vc_column][vc_column_text] Informaci\u00f3n sobre el tratamiento de datos personales [\/vc_column_text][\/vc_column][\/vc_row][vc_row css=\u00bb.vc_custom_1640099674133{padding-bottom: 30px !important;}\u00bb][vc_column][vc_column_text](Art\u00edculos 13 y 14 del REGLAMENTO EUROPEO 679\/2016) Estimado usuario de Internet: la empresa abajo firmante, Sapiselco srl, con domicilio en Via Irpinia, 43\/45 z. a. \u2013 35020 Saonara (Padua), C\u00f3digo Fiscal y N\u00ba I.V.A. IT 00073410284, en su calidad de \u201cResponsable del <a href=\"https:\/\/www.sapiselco.com\/es\/privacy-policy\/\" class=\"more-link\">&#8230;<\/a>","protected":false},"author":1,"featured_media":0,"parent":0,"menu_order":0,"comment_status":"closed","ping_status":"open","template":"","meta":{"_acf_changed":false,"footnotes":""},"class_list":["post-48571","page","type-page","status-publish","hentry"],"acf":[],"_links":{"self":[{"href":"https:\/\/www.sapiselco.com\/es\/wp-json\/wp\/v2\/pages\/48571","targetHints":{"allow":["GET"]}}],"collection":[{"href":"https:\/\/www.sapiselco.com\/es\/wp-json\/wp\/v2\/pages"}],"about":[{"href":"https:\/\/www.sapiselco.com\/es\/wp-json\/wp\/v2\/types\/page"}],"author":[{"embeddable":true,"href":"https:\/\/www.sapiselco.com\/es\/wp-json\/wp\/v2\/users\/1"}],"replies":[{"embeddable":true,"href":"https:\/\/www.sapiselco.com\/es\/wp-json\/wp\/v2\/comments?post=48571"}],"version-history":[{"count":4,"href":"https:\/\/www.sapiselco.com\/es\/wp-json\/wp\/v2\/pages\/48571\/revisions"}],"predecessor-version":[{"id":57988,"href":"https:\/\/www.sapiselco.com\/es\/wp-json\/wp\/v2\/pages\/48571\/revisions\/57988"}],"wp:attachment":[{"href":"https:\/\/www.sapiselco.com\/es\/wp-json\/wp\/v2\/media?parent=48571"}],"curies":[{"name":"wp","href":"https:\/\/api.w.org\/{rel}","templated":true}]}}