{"id":59158,"date":"2022-11-23T12:16:13","date_gmt":"2022-11-23T11:16:13","guid":{"rendered":"https:\/\/www.sapiselco.com\/iniziative\/spiritus-mundi\/"},"modified":"2023-11-14T16:56:40","modified_gmt":"2023-11-14T15:56:40","slug":"spiritus-mundi","status":"publish","type":"iniziative","link":"https:\/\/www.sapiselco.com\/fr\/iniziative\/spiritus-mundi\/","title":{"rendered":"Spiritus <strong>Mundi<\/strong>"},"content":{"rendered":"<div class=\"wpb-content-wrapper\"><p>[vc_row][vc_column width=\u00a0\u00bb2\/3&Prime;][vc_column_text]<\/p>\n<p class=\"p1\" style=\"text-align: justify;\"><strong>Spiritus Mundi<\/strong> est n\u00e9e \u00e0 Padoue en 2016 dans le but de contribuer \u00e0 l&rsquo;am\u00e9lioration des conditions environnementales de la r\u00e9gion. Initiatives de<strong> reboisement urbain<\/strong> destin\u00e9es \u00e0 rendre la vall\u00e9e du P\u00f4 plus verdoyante et plus saine, <strong>activit\u00e9s p\u00e9dagogiques de sensibilisation<\/strong>, compr\u00e9hension du sens profond de durabilit\u00e9 et promotion d&rsquo;une conscience collective qui respecte davantage l&rsquo;environnement.<\/p>\n<p>[\/vc_column_text][vc_separator color=\u00a0\u00bbcustom\u00a0\u00bb align=\u00a0\u00bbalign_left\u00a0\u00bb border_width=\u00a0\u00bb2&Prime; el_width=\u00a0\u00bb30&Prime; css_animation=\u00a0\u00bbfadeInLeft\u00a0\u00bb accent_color=\u00a0\u00bb#00955f\u00a0\u00bb][vc_column_text]L&rsquo;une des devises de <strong>SapiSelco<\/strong> est la suivante : \u00ab <em>Notre r\u00e9ussite passe aussi par le respect de la Nature et de l&rsquo;Homme<\/em> \u00bb. Chaque jour, l&rsquo;entreprise s&rsquo;engage \u00e0 mettre en \u0153uvre des actions qui g\u00e9n\u00e8rent des impacts positifs sur la collectivit\u00e9 et le territoire, et elle le fait en commen\u00e7ant par sensibiliser les personnes qui animent <strong>SapiSelco<\/strong>.<\/p>\n<p>Nous avons souhait\u00e9 rejoindre et soutenir avec enthousiasme l&rsquo;initiative \u00ab <strong>Il Bosco Vivo<\/strong> \u00bb (La For\u00eat Vivante) promue par Spiritus Mundi car nous croyons aux valeurs familiales et au respect de l&rsquo;environnement.[\/vc_column_text][\/vc_column][vc_column width=\u00a0\u00bb1\/3&Prime;][vc_single_image image=\u00a0\u00bb58553&Prime; img_size=\u00a0\u00bbfull\u00a0\u00bb alignment=\u00a0\u00bbcenter\u00a0\u00bb][\/vc_column][\/vc_row][vc_row gap=\u00a0\u00bb20&Prime;][vc_column width=\u00a0\u00bb1\/3&Prime;][vc_column_text]<\/p>\n<h3 class=\"p1\"><strong>Notre r\u00e9ussite<\/strong> passe \u00e9galement par le <strong>respect <\/strong>de la <strong>Nature <\/strong>et de l&rsquo;<strong>Homme<\/strong><\/h3>\n<p>SapiSelco[\/vc_column_text][\/vc_column][vc_column width=\u00a0\u00bb1\/3&Prime;][vc_column_text]<\/p>\n<p class=\"p1\" style=\"text-align: justify;\">La <strong>Vall\u00e9e du P\u00f4<\/strong> est malheureusement class\u00e9e comme l&rsquo;une des <strong>zones les plus pollu\u00e9es d&rsquo;Europe<\/strong>. Ce territoire initialement couvert d&rsquo;une \u00e9paisse <strong>for\u00eat hygrophile<\/strong>, a subi une d\u00e9forestation progressive au fil des si\u00e8cles, en laissant place \u00e0 des actions d\u2019urbanisation incontr\u00f4l\u00e9es.<\/p>\n<p class=\"p1\" style=\"text-align: justify;\">\u00ab <strong>La For\u00eat Vivante<\/strong> \u00bb est un projet qui vise \u00e0 transformer des lieux abandonn\u00e9s ou inutilis\u00e9s en zones r\u00e9am\u00e9nag\u00e9es, destin\u00e9es \u00e0 devenir des poumons verts et des espaces de rassemblement \u00e0 disposition de la collectivit\u00e9.<\/p>\n<p class=\"p1\" style=\"text-align: justify;\">Un programme de r\u00e9g\u00e9n\u00e9ration et de r\u00e9am\u00e9nagement urbain de la vall\u00e9e du P\u00f4, mais pas seulement, puisqu&rsquo;il s&rsquo;agit \u00e9galement d&rsquo;un soutien au lancement d&rsquo;initiatives p\u00e9dagogiques et pratiques visant \u00e0 la sensibilisation \u00e0 l&rsquo;environnement, \u00e0 l&rsquo;inclusion sociale, \u00e0 la valorisation du territoire et de la culture locale.<\/p>\n<p>[\/vc_column_text][\/vc_column][vc_column width=\u00a0\u00bb1\/3&Prime;][vc_column_text]<\/p>\n<p class=\"p1\" style=\"text-align: justify;\">Quelques espaces r\u00e9am\u00e9nag\u00e9s de 2016 \u00e0 aujourd&rsquo;hui :<\/p>\n<ul>\n<li>Domaine de <strong>Pont S. Nicol\u00f2<\/strong> : 8 500 m2 abritent environ 1 000 sp\u00e9cimens d&rsquo;arbustes indig\u00e8nes.<\/li>\n<li>Domaine de <strong>Polverara\u00a0<\/strong>: 15 000 m2 plant\u00e9s de 2 200 sp\u00e9cimens.<\/li>\n<li>Domaine d&rsquo; <strong>Albignasego\u00a0<\/strong>: 25 000 m2 \u00e0 l&rsquo;int\u00e9rieur du parc municipal dont 2 000 m2 de bande bois\u00e9e et le reste \u00e9quip\u00e9 de terrains de football \u00e0 cinq, de terrains de basket et de jeux pour les plus petits.<\/li>\n<li>Domaine de <strong>Limena\u00a0<\/strong>: 24 000 m2 et 1 250 plantes.<\/li>\n<li>Domaine de <strong>Legnaro\u00a0<\/strong>: 35 000 m2 abritent 1 000 plantes appartenant \u00e0 10 esp\u00e8ces diff\u00e9rentes d&rsquo;arbres et d&rsquo;arbustes.<\/li>\n<\/ul>\n<p>[\/vc_column_text][\/vc_column][\/vc_row]<\/p>\n<\/div>","protected":false},"excerpt":{"rendered":"[vc_row][vc_column width=\u00a0\u00bb2\/3&Prime;][vc_column_text] Spiritus Mundi est n\u00e9e \u00e0 Padoue en 2016 dans le but de contribuer \u00e0 l&rsquo;am\u00e9lioration des conditions environnementales de la r\u00e9gion. Initiatives de reboisement urbain destin\u00e9es \u00e0 rendre la vall\u00e9e du P\u00f4 plus verdoyante et plus saine, activit\u00e9s p\u00e9dagogiques de sensibilisation, compr\u00e9hension du sens profond de durabilit\u00e9 et promotion d&rsquo;une conscience collective qui <a href=\"https:\/\/www.sapiselco.com\/fr\/iniziative\/spiritus-mundi\/\" class=\"more-link\">&#8230;<\/a>","protected":false},"featured_media":58564,"template":"","categoria-iniziative":[],"class_list":["post-59158","iniziative","type-iniziative","status-publish","has-post-thumbnail","hentry"],"acf":[],"_links":{"self":[{"href":"https:\/\/www.sapiselco.com\/fr\/wp-json\/wp\/v2\/iniziative\/59158","targetHints":{"allow":["GET"]}}],"collection":[{"href":"https:\/\/www.sapiselco.com\/fr\/wp-json\/wp\/v2\/iniziative"}],"about":[{"href":"https:\/\/www.sapiselco.com\/fr\/wp-json\/wp\/v2\/types\/iniziative"}],"version-history":[{"count":4,"href":"https:\/\/www.sapiselco.com\/fr\/wp-json\/wp\/v2\/iniziative\/59158\/revisions"}],"predecessor-version":[{"id":59203,"href":"https:\/\/www.sapiselco.com\/fr\/wp-json\/wp\/v2\/iniziative\/59158\/revisions\/59203"}],"wp:featuredmedia":[{"embeddable":true,"href":"https:\/\/www.sapiselco.com\/fr\/wp-json\/wp\/v2\/media\/58564"}],"wp:attachment":[{"href":"https:\/\/www.sapiselco.com\/fr\/wp-json\/wp\/v2\/media?parent=59158"}],"wp:term":[{"taxonomy":"categoria-iniziative","embeddable":true,"href":"https:\/\/www.sapiselco.com\/fr\/wp-json\/wp\/v2\/categoria-iniziative?post=59158"}],"curies":[{"name":"wp","href":"https:\/\/api.w.org\/{rel}","templated":true}]}}